{"id":5497,"date":"2025-11-10T12:18:43","date_gmt":"2025-11-10T12:18:43","guid":{"rendered":"https:\/\/www.todanelo.com\/?post_type=team&#038;p=5497"},"modified":"2026-04-14T06:26:32","modified_gmt":"2026-04-14T06:26:32","slug":"guim-hosta-i-faus","status":"publish","type":"team","link":"https:\/\/www.todanelo.com\/fr\/equipo-profesional\/guim-hosta-i-faus\/","title":{"rendered":"Guim Hosta i Faus"},"content":{"rendered":"\n<article class=\"text-token-text-primary w-full focus:outline-none [--shadow-height:45px] has-data-writing-block:pointer-events-none has-data-writing-block:-mt-(--shadow-height) has-data-writing-block:pt-(--shadow-height) [&amp;:has([data-writing-block])&gt;*]:pointer-events-auto [content-visibility:auto] supports-[content-visibility:auto]:[contain-intrinsic-size:auto_100lvh] scroll-mt-[calc(var(--header-height)+min(200px,max(70px,20svh)))]\" dir=\"auto\" tabindex=\"-1\" data-turn-id=\"request-WEB:4696f2d6-3b50-43b9-9368-db848a5bcc31-5\" data-testid=\"conversation-turn-10\" data-scroll-anchor=\"true\" data-turn=\"assistant\">\n<div class=\"text-base my-auto mx-auto pb-10 [--thread-content-margin:--spacing(4)] thread-sm:[--thread-content-margin:--spacing(6)] thread-lg:[--thread-content-margin:--spacing(16)] px-(--thread-content-margin)\">\n<div class=\"[--thread-content-max-width:40rem] thread-lg:[--thread-content-max-width:48rem] mx-auto max-w-(--thread-content-max-width) flex-1 group\/turn-messages focus-visible:outline-hidden relative flex w-full min-w-0 flex-col agent-turn\" tabindex=\"-1\">\n<div class=\"flex max-w-full flex-col grow\">\n<div class=\"min-h-8 text-message relative flex w-full flex-col items-end gap-2 text-start break-words whitespace-normal [.text-message+&amp;]:mt-1\" dir=\"auto\" data-message-author-role=\"assistant\" data-message-id=\"deaeeae4-8922-4e8c-9fd1-4c6fe57d916c\" data-message-model-slug=\"gpt-5\">\n<div class=\"flex w-full flex-col gap-1 empty:hidden first:pt-[1px]\">\n<div class=\"markdown prose dark:prose-invert w-full break-words light markdown-new-styling\">\n<ul>\n<li data-start=\"985\" data-end=\"1374\">Avocat sp\u00e9cialis\u00e9 en proc\u00e9dures administratives et contentieuses fiscales.<\/li>\n<li data-start=\"985\" data-end=\"1374\">Licence en Droit de l\u2019Universit\u00e9 de Barcelone (UB).<\/li>\n<li data-start=\"985\" data-end=\"1374\">Licence en Administration et Direction d\u2019Entreprises de l\u2019Universit\u00e9 Ramon Llull (URL).<\/li>\n<li data-start=\"985\" data-end=\"1374\">Master d\u2019Acc\u00e8s \u00e0 la Profession d\u2019Avocat \u00e0 la UPF Barcelona School of Management (UPF-BSM).<\/li>\n<li data-start=\"985\" data-end=\"1374\">Master en Fiscalit\u00e9 et Conseil Fiscal du Centre d\u2019\u00c9tudes Financi\u00e8res (CEF).<\/li>\n<\/ul>\n<\/div>\n<\/div>\n<\/div>\n<\/div>\n<\/div>\n<\/div>\n<\/article>\n","protected":false},"excerpt":{"rendered":"<p>Avocat sp\u00e9cialis\u00e9 en proc\u00e9dures administratives et contentieuses fiscales. Licence en Droit de l\u2019Universit\u00e9 de Barcelone (UB). Licence en Administration et Direction d\u2019Entreprises de l\u2019Universit\u00e9 Ramon Llull (URL). Master d\u2019Acc\u00e8s \u00e0 &hellip;<\/p>\n","protected":false},"featured_media":5485,"template":"","meta":{"_acf_changed":false,"footnotes":""},"language":[96,99,102],"jerarquia":[200],"expertise":[508,491],"sector":[],"class_list":["post-5497","team","type-team","status-publish","has-post-thumbnail","hentry","language-espanol-fr","language-catala-fr","language-english-fr","jerarquia-avocat-fr","expertise-pole-procedures-et-contentieux-fiscal","expertise-fiscal"],"acf":[],"yoast_head":"<!-- This site is optimized with the Yoast SEO plugin v27.4 - https:\/\/yoast.com\/product\/yoast-seo-wordpress\/ -->\n<title>Guim Hosta i Faus - Toda &amp; Nel-lo Abogados<\/title>\n<meta name=\"description\" content=\"Avocat sp\u00e9cialis\u00e9 en proc\u00e9dures administratives et contentieuses fiscales. Licence en Droit de l\u2019Universit\u00e9 de Barcelone (UB). Licence en Administration\" \/>\n<meta name=\"robots\" content=\"index, follow, max-snippet:-1, max-image-preview:large, max-video-preview:-1\" \/>\n<link rel=\"canonical\" href=\"https:\/\/www.todanelo.com\/fr\/equipo-profesional\/guim-hosta-i-faus\/\" \/>\n<meta property=\"og:locale\" content=\"fr_FR\" \/>\n<meta property=\"og:type\" content=\"article\" \/>\n<meta property=\"og:title\" content=\"Guim Hosta i Faus - Toda &amp; Nel-lo Abogados\" \/>\n<meta property=\"og:description\" content=\"Avocat sp\u00e9cialis\u00e9 en proc\u00e9dures administratives et contentieuses fiscales. Licence en Droit de l\u2019Universit\u00e9 de Barcelone (UB). Licence en Administration\" \/>\n<meta property=\"og:url\" content=\"https:\/\/www.todanelo.com\/fr\/equipo-profesional\/guim-hosta-i-faus\/\" \/>\n<meta property=\"og:site_name\" content=\"Toda &amp; Nel-lo Abogados\" \/>\n<meta property=\"article:modified_time\" content=\"2026-04-14T06:26:32+00:00\" \/>\n<meta property=\"og:image\" content=\"https:\/\/www.todanelo.com\/wp-content\/uploads\/Guim-Hosta-bn-2.jpg\" \/>\n\t<meta property=\"og:image:width\" content=\"1296\" \/>\n\t<meta property=\"og:image:height\" content=\"831\" \/>\n\t<meta property=\"og:image:type\" content=\"image\/jpeg\" \/>\n<meta name=\"twitter:card\" content=\"summary_large_image\" \/>\n<meta name=\"twitter:label1\" content=\"Dur\u00e9e de lecture estim\u00e9e\" \/>\n\t<meta name=\"twitter:data1\" content=\"1 minute\" \/>\n<script type=\"application\/ld+json\" class=\"yoast-schema-graph\">{\"@context\":\"https:\\\/\\\/schema.org\",\"@graph\":[{\"@type\":\"WebPage\",\"@id\":\"https:\\\/\\\/www.todanelo.com\\\/fr\\\/equipo-profesional\\\/guim-hosta-i-faus\\\/\",\"url\":\"https:\\\/\\\/www.todanelo.com\\\/fr\\\/equipo-profesional\\\/guim-hosta-i-faus\\\/\",\"name\":\"Guim Hosta i Faus - Toda &amp; Nel-lo Abogados\",\"isPartOf\":{\"@id\":\"https:\\\/\\\/www.todanelo.com\\\/fr\\\/#website\"},\"primaryImageOfPage\":{\"@id\":\"https:\\\/\\\/www.todanelo.com\\\/fr\\\/equipo-profesional\\\/guim-hosta-i-faus\\\/#primaryimage\"},\"image\":{\"@id\":\"https:\\\/\\\/www.todanelo.com\\\/fr\\\/equipo-profesional\\\/guim-hosta-i-faus\\\/#primaryimage\"},\"thumbnailUrl\":\"https:\\\/\\\/www.todanelo.com\\\/wp-content\\\/uploads\\\/Guim-Hosta-bn-2.jpg\",\"datePublished\":\"2025-11-10T12:18:43+00:00\",\"dateModified\":\"2026-04-14T06:26:32+00:00\",\"description\":\"Avocat sp\u00e9cialis\u00e9 en proc\u00e9dures administratives et contentieuses fiscales. Licence en Droit de l\u2019Universit\u00e9 de Barcelone (UB). Licence en Administration\",\"breadcrumb\":{\"@id\":\"https:\\\/\\\/www.todanelo.com\\\/fr\\\/equipo-profesional\\\/guim-hosta-i-faus\\\/#breadcrumb\"},\"inLanguage\":\"fr-FR\",\"potentialAction\":[{\"@type\":\"ReadAction\",\"target\":[\"https:\\\/\\\/www.todanelo.com\\\/fr\\\/equipo-profesional\\\/guim-hosta-i-faus\\\/\"]}]},{\"@type\":\"ImageObject\",\"inLanguage\":\"fr-FR\",\"@id\":\"https:\\\/\\\/www.todanelo.com\\\/fr\\\/equipo-profesional\\\/guim-hosta-i-faus\\\/#primaryimage\",\"url\":\"https:\\\/\\\/www.todanelo.com\\\/wp-content\\\/uploads\\\/Guim-Hosta-bn-2.jpg\",\"contentUrl\":\"https:\\\/\\\/www.todanelo.com\\\/wp-content\\\/uploads\\\/Guim-Hosta-bn-2.jpg\",\"width\":1296,\"height\":831},{\"@type\":\"BreadcrumbList\",\"@id\":\"https:\\\/\\\/www.todanelo.com\\\/fr\\\/equipo-profesional\\\/guim-hosta-i-faus\\\/#breadcrumb\",\"itemListElement\":[{\"@type\":\"ListItem\",\"position\":1,\"name\":\"Inicio\",\"item\":\"https:\\\/\\\/www.todanelo.com\\\/fr\\\/\"},{\"@type\":\"ListItem\",\"position\":2,\"name\":\"Guim Hosta i Faus\"}]},{\"@type\":\"WebSite\",\"@id\":\"https:\\\/\\\/www.todanelo.com\\\/fr\\\/#website\",\"url\":\"https:\\\/\\\/www.todanelo.com\\\/fr\\\/\",\"name\":\"Toda &amp; Nel-lo Abogados\",\"description\":\"Bureaux juridiques \u00e0 Barcelone et \u00e0 Madrid\",\"publisher\":{\"@id\":\"https:\\\/\\\/www.todanelo.com\\\/fr\\\/#organization\"},\"potentialAction\":[{\"@type\":\"SearchAction\",\"target\":{\"@type\":\"EntryPoint\",\"urlTemplate\":\"https:\\\/\\\/www.todanelo.com\\\/fr\\\/?s={search_term_string}\"},\"query-input\":{\"@type\":\"PropertyValueSpecification\",\"valueRequired\":true,\"valueName\":\"search_term_string\"}}],\"inLanguage\":\"fr-FR\"},{\"@type\":\"Organization\",\"@id\":\"https:\\\/\\\/www.todanelo.com\\\/fr\\\/#organization\",\"name\":\"Toda &amp; Nel-lo Abogados\",\"url\":\"https:\\\/\\\/www.todanelo.com\\\/fr\\\/\",\"logo\":{\"@type\":\"ImageObject\",\"inLanguage\":\"fr-FR\",\"@id\":\"https:\\\/\\\/www.todanelo.com\\\/fr\\\/#\\\/schema\\\/logo\\\/image\\\/\",\"url\":\"https:\\\/\\\/www.todanelo.com\\\/wp-content\\\/uploads\\\/logo-todanelo.png\",\"contentUrl\":\"https:\\\/\\\/www.todanelo.com\\\/wp-content\\\/uploads\\\/logo-todanelo.png\",\"width\":390,\"height\":161,\"caption\":\"Toda &amp; Nel-lo Abogados\"},\"image\":{\"@id\":\"https:\\\/\\\/www.todanelo.com\\\/fr\\\/#\\\/schema\\\/logo\\\/image\\\/\"}}]}<\/script>\n<!-- \/ Yoast SEO plugin. -->","yoast_head_json":{"title":"Guim Hosta i Faus - Toda &amp; Nel-lo Abogados","description":"Avocat sp\u00e9cialis\u00e9 en proc\u00e9dures administratives et contentieuses fiscales. Licence en Droit de l\u2019Universit\u00e9 de Barcelone (UB). Licence en Administration","robots":{"index":"index","follow":"follow","max-snippet":"max-snippet:-1","max-image-preview":"max-image-preview:large","max-video-preview":"max-video-preview:-1"},"canonical":"https:\/\/www.todanelo.com\/fr\/equipo-profesional\/guim-hosta-i-faus\/","og_locale":"fr_FR","og_type":"article","og_title":"Guim Hosta i Faus - Toda &amp; Nel-lo Abogados","og_description":"Avocat sp\u00e9cialis\u00e9 en proc\u00e9dures administratives et contentieuses fiscales. Licence en Droit de l\u2019Universit\u00e9 de Barcelone (UB). Licence en Administration","og_url":"https:\/\/www.todanelo.com\/fr\/equipo-profesional\/guim-hosta-i-faus\/","og_site_name":"Toda &amp; Nel-lo Abogados","article_modified_time":"2026-04-14T06:26:32+00:00","og_image":[{"width":1296,"height":831,"url":"https:\/\/www.todanelo.com\/wp-content\/uploads\/Guim-Hosta-bn-2.jpg","type":"image\/jpeg"}],"twitter_card":"summary_large_image","twitter_misc":{"Dur\u00e9e de lecture estim\u00e9e":"1 minute"},"schema":{"@context":"https:\/\/schema.org","@graph":[{"@type":"WebPage","@id":"https:\/\/www.todanelo.com\/fr\/equipo-profesional\/guim-hosta-i-faus\/","url":"https:\/\/www.todanelo.com\/fr\/equipo-profesional\/guim-hosta-i-faus\/","name":"Guim Hosta i Faus - Toda &amp; Nel-lo Abogados","isPartOf":{"@id":"https:\/\/www.todanelo.com\/fr\/#website"},"primaryImageOfPage":{"@id":"https:\/\/www.todanelo.com\/fr\/equipo-profesional\/guim-hosta-i-faus\/#primaryimage"},"image":{"@id":"https:\/\/www.todanelo.com\/fr\/equipo-profesional\/guim-hosta-i-faus\/#primaryimage"},"thumbnailUrl":"https:\/\/www.todanelo.com\/wp-content\/uploads\/Guim-Hosta-bn-2.jpg","datePublished":"2025-11-10T12:18:43+00:00","dateModified":"2026-04-14T06:26:32+00:00","description":"Avocat sp\u00e9cialis\u00e9 en proc\u00e9dures administratives et contentieuses fiscales. Licence en Droit de l\u2019Universit\u00e9 de Barcelone (UB). Licence en Administration","breadcrumb":{"@id":"https:\/\/www.todanelo.com\/fr\/equipo-profesional\/guim-hosta-i-faus\/#breadcrumb"},"inLanguage":"fr-FR","potentialAction":[{"@type":"ReadAction","target":["https:\/\/www.todanelo.com\/fr\/equipo-profesional\/guim-hosta-i-faus\/"]}]},{"@type":"ImageObject","inLanguage":"fr-FR","@id":"https:\/\/www.todanelo.com\/fr\/equipo-profesional\/guim-hosta-i-faus\/#primaryimage","url":"https:\/\/www.todanelo.com\/wp-content\/uploads\/Guim-Hosta-bn-2.jpg","contentUrl":"https:\/\/www.todanelo.com\/wp-content\/uploads\/Guim-Hosta-bn-2.jpg","width":1296,"height":831},{"@type":"BreadcrumbList","@id":"https:\/\/www.todanelo.com\/fr\/equipo-profesional\/guim-hosta-i-faus\/#breadcrumb","itemListElement":[{"@type":"ListItem","position":1,"name":"Inicio","item":"https:\/\/www.todanelo.com\/fr\/"},{"@type":"ListItem","position":2,"name":"Guim Hosta i Faus"}]},{"@type":"WebSite","@id":"https:\/\/www.todanelo.com\/fr\/#website","url":"https:\/\/www.todanelo.com\/fr\/","name":"Toda &amp; Nel-lo Abogados","description":"Bureaux juridiques \u00e0 Barcelone et \u00e0 Madrid","publisher":{"@id":"https:\/\/www.todanelo.com\/fr\/#organization"},"potentialAction":[{"@type":"SearchAction","target":{"@type":"EntryPoint","urlTemplate":"https:\/\/www.todanelo.com\/fr\/?s={search_term_string}"},"query-input":{"@type":"PropertyValueSpecification","valueRequired":true,"valueName":"search_term_string"}}],"inLanguage":"fr-FR"},{"@type":"Organization","@id":"https:\/\/www.todanelo.com\/fr\/#organization","name":"Toda &amp; Nel-lo Abogados","url":"https:\/\/www.todanelo.com\/fr\/","logo":{"@type":"ImageObject","inLanguage":"fr-FR","@id":"https:\/\/www.todanelo.com\/fr\/#\/schema\/logo\/image\/","url":"https:\/\/www.todanelo.com\/wp-content\/uploads\/logo-todanelo.png","contentUrl":"https:\/\/www.todanelo.com\/wp-content\/uploads\/logo-todanelo.png","width":390,"height":161,"caption":"Toda &amp; Nel-lo Abogados"},"image":{"@id":"https:\/\/www.todanelo.com\/fr\/#\/schema\/logo\/image\/"}}]}},"_links":{"self":[{"href":"https:\/\/www.todanelo.com\/fr\/wp-json\/wp\/v2\/team\/5497","targetHints":{"allow":["GET"]}}],"collection":[{"href":"https:\/\/www.todanelo.com\/fr\/wp-json\/wp\/v2\/team"}],"about":[{"href":"https:\/\/www.todanelo.com\/fr\/wp-json\/wp\/v2\/types\/team"}],"version-history":[{"count":2,"href":"https:\/\/www.todanelo.com\/fr\/wp-json\/wp\/v2\/team\/5497\/revisions"}],"predecessor-version":[{"id":5536,"href":"https:\/\/www.todanelo.com\/fr\/wp-json\/wp\/v2\/team\/5497\/revisions\/5536"}],"wp:featuredmedia":[{"embeddable":true,"href":"https:\/\/www.todanelo.com\/fr\/wp-json\/wp\/v2\/media\/5485"}],"wp:attachment":[{"href":"https:\/\/www.todanelo.com\/fr\/wp-json\/wp\/v2\/media?parent=5497"}],"wp:term":[{"taxonomy":"language","embeddable":true,"href":"https:\/\/www.todanelo.com\/fr\/wp-json\/wp\/v2\/language?post=5497"},{"taxonomy":"jerarquia","embeddable":true,"href":"https:\/\/www.todanelo.com\/fr\/wp-json\/wp\/v2\/jerarquia?post=5497"},{"taxonomy":"expertise","embeddable":true,"href":"https:\/\/www.todanelo.com\/fr\/wp-json\/wp\/v2\/expertise?post=5497"},{"taxonomy":"sector","embeddable":true,"href":"https:\/\/www.todanelo.com\/fr\/wp-json\/wp\/v2\/sector?post=5497"}],"curies":[{"name":"wp","href":"https:\/\/api.w.org\/{rel}","templated":true}]}}