{"id":1429,"date":"2024-12-18T09:00:12","date_gmt":"2024-12-18T09:00:12","guid":{"rendered":"https:\/\/beta.todanelo.com\/team\/javier-garcia-trujillo\/"},"modified":"2026-04-14T06:25:58","modified_gmt":"2026-04-14T06:25:58","slug":"javier-garcia-trujillo","status":"publish","type":"team","link":"https:\/\/www.todanelo.com\/fr\/equipo-profesional\/javier-garcia-trujillo\/","title":{"rendered":"Javier Garc\u00eda Trujillo"},"content":{"rendered":"<ul>\n<li>Avocat sp\u00e9cialis\u00e9 en Droit public et priv\u00e9, il est dot\u00e9 d\u2019une solide exp\u00e9rience en Droit administratif et Droit de l\u2019urbanisme, Droit civil et commercial, Droit processuel priv\u00e9 et proc\u00e9dure administrative contentieuse.<\/li>\n<li>Ma\u00eetrise en Droit de l\u2019Universit\u00e9 Abad Oliba CEU, MBA \u00e0 l\u2019Universit\u00e9 de Barcelone, MBA \u00e0 l\u2019Universit\u00e9 Polytechnique de Catalogne (UPC) et MBA \u00e0 l\u2019Universit\u00e9 Autonome de Barcelone.<\/li>\n<li>Inscrit \u00e0 l\u2019Ordre des Avocats de Barcelone depuis 2002.<\/li>\n<\/ul>\n\n\n<p><\/p>\n","protected":false},"excerpt":{"rendered":"<p>Avocat sp\u00e9cialis\u00e9 en Droit public et priv\u00e9, il est dot\u00e9 d\u2019une solide exp\u00e9rience en Droit administratif et Droit de l\u2019urbanisme, Droit civil et commercial, Droit processuel priv\u00e9 et proc\u00e9dure administrative &hellip;<\/p>\n","protected":false},"featured_media":4595,"template":"","meta":{"_acf_changed":false,"footnotes":""},"language":[96,99,102],"jerarquia":[158],"expertise":[473,478,475,482,485,469],"sector":[],"class_list":["post-1429","team","type-team","status-publish","has-post-thumbnail","hentry","language-espanol-fr","language-catala-fr","language-english-fr","jerarquia-associe","expertise-contentieux-administratif","expertise-droit-administratif","expertise-contrats-publics","expertise-ports-fr","expertise-urbanisme-fr","expertise-droit-public"],"acf":[],"yoast_head":"<!-- This site is optimized with the Yoast SEO plugin v27.4 - https:\/\/yoast.com\/product\/yoast-seo-wordpress\/ -->\n<title>Javier Garc\u00eda Trujillo - Toda &amp; Nel-lo Abogados<\/title>\n<meta name=\"description\" content=\"Avocat sp\u00e9cialis\u00e9 en Droit public et priv\u00e9, il est dot\u00e9 d\u2019une solide exp\u00e9rience en Droit administratif et Droit de l\u2019urbanisme, Droit civil et commercial,\" \/>\n<meta name=\"robots\" content=\"index, follow, max-snippet:-1, max-image-preview:large, max-video-preview:-1\" \/>\n<link rel=\"canonical\" href=\"https:\/\/www.todanelo.com\/fr\/equipo-profesional\/javier-garcia-trujillo\/\" \/>\n<meta property=\"og:locale\" content=\"fr_FR\" \/>\n<meta property=\"og:type\" content=\"article\" \/>\n<meta property=\"og:title\" content=\"Javier Garc\u00eda Trujillo - Toda &amp; Nel-lo Abogados\" \/>\n<meta property=\"og:description\" content=\"Avocat sp\u00e9cialis\u00e9 en Droit public et priv\u00e9, il est dot\u00e9 d\u2019une solide exp\u00e9rience en Droit administratif et Droit de l\u2019urbanisme, Droit civil et commercial,\" \/>\n<meta property=\"og:url\" content=\"https:\/\/www.todanelo.com\/fr\/equipo-profesional\/javier-garcia-trujillo\/\" \/>\n<meta property=\"og:site_name\" content=\"Toda &amp; Nel-lo Abogados\" \/>\n<meta property=\"article:modified_time\" content=\"2026-04-14T06:25:58+00:00\" \/>\n<meta property=\"og:image\" content=\"https:\/\/www.todanelo.com\/wp-content\/uploads\/Javier-Garcia_ok-web.jpg\" \/>\n\t<meta property=\"og:image:width\" content=\"1296\" \/>\n\t<meta property=\"og:image:height\" content=\"972\" \/>\n\t<meta property=\"og:image:type\" content=\"image\/jpeg\" \/>\n<meta name=\"twitter:card\" content=\"summary_large_image\" \/>\n<meta name=\"twitter:label1\" content=\"Dur\u00e9e de lecture estim\u00e9e\" \/>\n\t<meta name=\"twitter:data1\" content=\"1 minute\" \/>\n<script type=\"application\/ld+json\" class=\"yoast-schema-graph\">{\"@context\":\"https:\\\/\\\/schema.org\",\"@graph\":[{\"@type\":\"WebPage\",\"@id\":\"https:\\\/\\\/www.todanelo.com\\\/fr\\\/equipo-profesional\\\/javier-garcia-trujillo\\\/\",\"url\":\"https:\\\/\\\/www.todanelo.com\\\/fr\\\/equipo-profesional\\\/javier-garcia-trujillo\\\/\",\"name\":\"Javier Garc\u00eda Trujillo - Toda &amp; Nel-lo Abogados\",\"isPartOf\":{\"@id\":\"https:\\\/\\\/www.todanelo.com\\\/fr\\\/#website\"},\"primaryImageOfPage\":{\"@id\":\"https:\\\/\\\/www.todanelo.com\\\/fr\\\/equipo-profesional\\\/javier-garcia-trujillo\\\/#primaryimage\"},\"image\":{\"@id\":\"https:\\\/\\\/www.todanelo.com\\\/fr\\\/equipo-profesional\\\/javier-garcia-trujillo\\\/#primaryimage\"},\"thumbnailUrl\":\"https:\\\/\\\/www.todanelo.com\\\/wp-content\\\/uploads\\\/Javier-Garcia_ok-web.jpg\",\"datePublished\":\"2024-12-18T09:00:12+00:00\",\"dateModified\":\"2026-04-14T06:25:58+00:00\",\"description\":\"Avocat sp\u00e9cialis\u00e9 en Droit public et priv\u00e9, il est dot\u00e9 d\u2019une solide exp\u00e9rience en Droit administratif et Droit de l\u2019urbanisme, Droit civil et commercial,\",\"breadcrumb\":{\"@id\":\"https:\\\/\\\/www.todanelo.com\\\/fr\\\/equipo-profesional\\\/javier-garcia-trujillo\\\/#breadcrumb\"},\"inLanguage\":\"fr-FR\",\"potentialAction\":[{\"@type\":\"ReadAction\",\"target\":[\"https:\\\/\\\/www.todanelo.com\\\/fr\\\/equipo-profesional\\\/javier-garcia-trujillo\\\/\"]}]},{\"@type\":\"ImageObject\",\"inLanguage\":\"fr-FR\",\"@id\":\"https:\\\/\\\/www.todanelo.com\\\/fr\\\/equipo-profesional\\\/javier-garcia-trujillo\\\/#primaryimage\",\"url\":\"https:\\\/\\\/www.todanelo.com\\\/wp-content\\\/uploads\\\/Javier-Garcia_ok-web.jpg\",\"contentUrl\":\"https:\\\/\\\/www.todanelo.com\\\/wp-content\\\/uploads\\\/Javier-Garcia_ok-web.jpg\",\"width\":1296,\"height\":972},{\"@type\":\"BreadcrumbList\",\"@id\":\"https:\\\/\\\/www.todanelo.com\\\/fr\\\/equipo-profesional\\\/javier-garcia-trujillo\\\/#breadcrumb\",\"itemListElement\":[{\"@type\":\"ListItem\",\"position\":1,\"name\":\"Inicio\",\"item\":\"https:\\\/\\\/www.todanelo.com\\\/fr\\\/\"},{\"@type\":\"ListItem\",\"position\":2,\"name\":\"Javier Garc\u00eda Trujillo\"}]},{\"@type\":\"WebSite\",\"@id\":\"https:\\\/\\\/www.todanelo.com\\\/fr\\\/#website\",\"url\":\"https:\\\/\\\/www.todanelo.com\\\/fr\\\/\",\"name\":\"Toda &amp; Nel-lo Abogados\",\"description\":\"Bureaux juridiques \u00e0 Barcelone et \u00e0 Madrid\",\"publisher\":{\"@id\":\"https:\\\/\\\/www.todanelo.com\\\/fr\\\/#organization\"},\"potentialAction\":[{\"@type\":\"SearchAction\",\"target\":{\"@type\":\"EntryPoint\",\"urlTemplate\":\"https:\\\/\\\/www.todanelo.com\\\/fr\\\/?s={search_term_string}\"},\"query-input\":{\"@type\":\"PropertyValueSpecification\",\"valueRequired\":true,\"valueName\":\"search_term_string\"}}],\"inLanguage\":\"fr-FR\"},{\"@type\":\"Organization\",\"@id\":\"https:\\\/\\\/www.todanelo.com\\\/fr\\\/#organization\",\"name\":\"Toda &amp; Nel-lo Abogados\",\"url\":\"https:\\\/\\\/www.todanelo.com\\\/fr\\\/\",\"logo\":{\"@type\":\"ImageObject\",\"inLanguage\":\"fr-FR\",\"@id\":\"https:\\\/\\\/www.todanelo.com\\\/fr\\\/#\\\/schema\\\/logo\\\/image\\\/\",\"url\":\"https:\\\/\\\/www.todanelo.com\\\/wp-content\\\/uploads\\\/logo-todanelo.png\",\"contentUrl\":\"https:\\\/\\\/www.todanelo.com\\\/wp-content\\\/uploads\\\/logo-todanelo.png\",\"width\":390,\"height\":161,\"caption\":\"Toda &amp; Nel-lo Abogados\"},\"image\":{\"@id\":\"https:\\\/\\\/www.todanelo.com\\\/fr\\\/#\\\/schema\\\/logo\\\/image\\\/\"}}]}<\/script>\n<!-- \/ Yoast SEO plugin. -->","yoast_head_json":{"title":"Javier Garc\u00eda Trujillo - Toda &amp; Nel-lo Abogados","description":"Avocat sp\u00e9cialis\u00e9 en Droit public et priv\u00e9, il est dot\u00e9 d\u2019une solide exp\u00e9rience en Droit administratif et Droit de l\u2019urbanisme, Droit civil et commercial,","robots":{"index":"index","follow":"follow","max-snippet":"max-snippet:-1","max-image-preview":"max-image-preview:large","max-video-preview":"max-video-preview:-1"},"canonical":"https:\/\/www.todanelo.com\/fr\/equipo-profesional\/javier-garcia-trujillo\/","og_locale":"fr_FR","og_type":"article","og_title":"Javier Garc\u00eda Trujillo - Toda &amp; Nel-lo Abogados","og_description":"Avocat sp\u00e9cialis\u00e9 en Droit public et priv\u00e9, il est dot\u00e9 d\u2019une solide exp\u00e9rience en Droit administratif et Droit de l\u2019urbanisme, Droit civil et commercial,","og_url":"https:\/\/www.todanelo.com\/fr\/equipo-profesional\/javier-garcia-trujillo\/","og_site_name":"Toda &amp; Nel-lo Abogados","article_modified_time":"2026-04-14T06:25:58+00:00","og_image":[{"width":1296,"height":972,"url":"https:\/\/www.todanelo.com\/wp-content\/uploads\/Javier-Garcia_ok-web.jpg","type":"image\/jpeg"}],"twitter_card":"summary_large_image","twitter_misc":{"Dur\u00e9e de lecture estim\u00e9e":"1 minute"},"schema":{"@context":"https:\/\/schema.org","@graph":[{"@type":"WebPage","@id":"https:\/\/www.todanelo.com\/fr\/equipo-profesional\/javier-garcia-trujillo\/","url":"https:\/\/www.todanelo.com\/fr\/equipo-profesional\/javier-garcia-trujillo\/","name":"Javier Garc\u00eda Trujillo - Toda &amp; Nel-lo Abogados","isPartOf":{"@id":"https:\/\/www.todanelo.com\/fr\/#website"},"primaryImageOfPage":{"@id":"https:\/\/www.todanelo.com\/fr\/equipo-profesional\/javier-garcia-trujillo\/#primaryimage"},"image":{"@id":"https:\/\/www.todanelo.com\/fr\/equipo-profesional\/javier-garcia-trujillo\/#primaryimage"},"thumbnailUrl":"https:\/\/www.todanelo.com\/wp-content\/uploads\/Javier-Garcia_ok-web.jpg","datePublished":"2024-12-18T09:00:12+00:00","dateModified":"2026-04-14T06:25:58+00:00","description":"Avocat sp\u00e9cialis\u00e9 en Droit public et priv\u00e9, il est dot\u00e9 d\u2019une solide exp\u00e9rience en Droit administratif et Droit de l\u2019urbanisme, Droit civil et commercial,","breadcrumb":{"@id":"https:\/\/www.todanelo.com\/fr\/equipo-profesional\/javier-garcia-trujillo\/#breadcrumb"},"inLanguage":"fr-FR","potentialAction":[{"@type":"ReadAction","target":["https:\/\/www.todanelo.com\/fr\/equipo-profesional\/javier-garcia-trujillo\/"]}]},{"@type":"ImageObject","inLanguage":"fr-FR","@id":"https:\/\/www.todanelo.com\/fr\/equipo-profesional\/javier-garcia-trujillo\/#primaryimage","url":"https:\/\/www.todanelo.com\/wp-content\/uploads\/Javier-Garcia_ok-web.jpg","contentUrl":"https:\/\/www.todanelo.com\/wp-content\/uploads\/Javier-Garcia_ok-web.jpg","width":1296,"height":972},{"@type":"BreadcrumbList","@id":"https:\/\/www.todanelo.com\/fr\/equipo-profesional\/javier-garcia-trujillo\/#breadcrumb","itemListElement":[{"@type":"ListItem","position":1,"name":"Inicio","item":"https:\/\/www.todanelo.com\/fr\/"},{"@type":"ListItem","position":2,"name":"Javier Garc\u00eda Trujillo"}]},{"@type":"WebSite","@id":"https:\/\/www.todanelo.com\/fr\/#website","url":"https:\/\/www.todanelo.com\/fr\/","name":"Toda &amp; Nel-lo Abogados","description":"Bureaux juridiques \u00e0 Barcelone et \u00e0 Madrid","publisher":{"@id":"https:\/\/www.todanelo.com\/fr\/#organization"},"potentialAction":[{"@type":"SearchAction","target":{"@type":"EntryPoint","urlTemplate":"https:\/\/www.todanelo.com\/fr\/?s={search_term_string}"},"query-input":{"@type":"PropertyValueSpecification","valueRequired":true,"valueName":"search_term_string"}}],"inLanguage":"fr-FR"},{"@type":"Organization","@id":"https:\/\/www.todanelo.com\/fr\/#organization","name":"Toda &amp; Nel-lo Abogados","url":"https:\/\/www.todanelo.com\/fr\/","logo":{"@type":"ImageObject","inLanguage":"fr-FR","@id":"https:\/\/www.todanelo.com\/fr\/#\/schema\/logo\/image\/","url":"https:\/\/www.todanelo.com\/wp-content\/uploads\/logo-todanelo.png","contentUrl":"https:\/\/www.todanelo.com\/wp-content\/uploads\/logo-todanelo.png","width":390,"height":161,"caption":"Toda &amp; Nel-lo Abogados"},"image":{"@id":"https:\/\/www.todanelo.com\/fr\/#\/schema\/logo\/image\/"}}]}},"_links":{"self":[{"href":"https:\/\/www.todanelo.com\/fr\/wp-json\/wp\/v2\/team\/1429","targetHints":{"allow":["GET"]}}],"collection":[{"href":"https:\/\/www.todanelo.com\/fr\/wp-json\/wp\/v2\/team"}],"about":[{"href":"https:\/\/www.todanelo.com\/fr\/wp-json\/wp\/v2\/types\/team"}],"version-history":[{"count":2,"href":"https:\/\/www.todanelo.com\/fr\/wp-json\/wp\/v2\/team\/1429\/revisions"}],"predecessor-version":[{"id":5775,"href":"https:\/\/www.todanelo.com\/fr\/wp-json\/wp\/v2\/team\/1429\/revisions\/5775"}],"wp:featuredmedia":[{"embeddable":true,"href":"https:\/\/www.todanelo.com\/fr\/wp-json\/wp\/v2\/media\/4595"}],"wp:attachment":[{"href":"https:\/\/www.todanelo.com\/fr\/wp-json\/wp\/v2\/media?parent=1429"}],"wp:term":[{"taxonomy":"language","embeddable":true,"href":"https:\/\/www.todanelo.com\/fr\/wp-json\/wp\/v2\/language?post=1429"},{"taxonomy":"jerarquia","embeddable":true,"href":"https:\/\/www.todanelo.com\/fr\/wp-json\/wp\/v2\/jerarquia?post=1429"},{"taxonomy":"expertise","embeddable":true,"href":"https:\/\/www.todanelo.com\/fr\/wp-json\/wp\/v2\/expertise?post=1429"},{"taxonomy":"sector","embeddable":true,"href":"https:\/\/www.todanelo.com\/fr\/wp-json\/wp\/v2\/sector?post=1429"}],"curies":[{"name":"wp","href":"https:\/\/api.w.org\/{rel}","templated":true}]}}