{"id":3706,"date":"2025-06-11T07:00:41","date_gmt":"2025-06-11T07:00:41","guid":{"rendered":"https:\/\/beta.todanelo.com\/?post_type=team&#038;p=3706"},"modified":"2025-10-06T23:23:59","modified_gmt":"2025-10-06T23:23:59","slug":"oscar-arredondo-garcia","status":"publish","type":"team","link":"https:\/\/www.todanelo.com\/es\/equipo-profesional\/oscar-arredondo-garcia\/","title":{"rendered":"\u00d3scar Arredondo Garc\u00eda"},"content":{"rendered":"\n<ul>\n<li>Magistrado en excedencia.<\/li>\n<li>Amplia experiencia en litigaci\u00f3n, especialmente en el \u00e1mbito penal, con conocimiento particular del \u00e1mbito penal econ\u00f3mico.\u00a0Amplia trayectoria en la direcci\u00f3n jur\u00eddica de procesos en sede judicial, en especial en las principales instancias judiciales espa\u00f1olas (Audiencia Nacional, Tribunal Supremo, Tribunal Constitucional).<\/li>\n<li>Profesor de M\u00e1ster en Asesor\u00eda Jur\u00eddica en la Universidad CEU San Pablo.<\/li>\n<li>M\u00e1ster en Derecho Financiero y Tributario, Ilustre Colegio de la Abogac\u00eda de Barcelona (ICAB).<\/li>\n<li>Licenciado en Derecho por la Universidad de Barcelona.<\/li>\n<li>Colegiado en el Ilustre Colegio de Abogados de Barcelona en 2004.<\/li>\n<\/ul>\n","protected":false},"excerpt":{"rendered":"<p>Magistrado en excedencia. Amplia experiencia en litigaci\u00f3n, especialmente en el \u00e1mbito penal, con conocimiento particular del \u00e1mbito penal econ\u00f3mico.\u00a0Amplia trayectoria en la direcci\u00f3n jur\u00eddica de procesos en sede judicial, en &hellip;<\/p>\n","protected":false},"featured_media":4573,"template":"","meta":{"_acf_changed":false,"footnotes":""},"language":[87,88,89],"jerarquia":[117],"expertise":[542,63,545,34,548],"sector":[],"class_list":["post-3706","team","type-team","status-publish","has-post-thumbnail","hentry","language-espanol","language-catala","language-english","jerarquia-socio","expertise-penal-economico-2","expertise-litigacion-civil-y-mercantil","expertise-derecho-procesal-penal-internacional","expertise-litigacion","expertise-corporate-defense"],"acf":[],"yoast_head":"<!-- This site is optimized with the Yoast SEO plugin v27.4 - https:\/\/yoast.com\/product\/yoast-seo-wordpress\/ -->\n<title>\u00d3scar Arredondo Garc\u00eda - Toda &amp; Nel-lo Abogados<\/title>\n<meta name=\"description\" content=\"Magistrado en excedencia. Amplia experiencia en litigaci\u00f3n, especialmente en el \u00e1mbito penal, con conocimiento particular del \u00e1mbito penal\" \/>\n<meta name=\"robots\" content=\"index, follow, max-snippet:-1, max-image-preview:large, max-video-preview:-1\" \/>\n<link rel=\"canonical\" href=\"https:\/\/www.todanelo.com\/es\/equipo-profesional\/oscar-arredondo-garcia\/\" \/>\n<meta property=\"og:locale\" content=\"es_ES\" \/>\n<meta property=\"og:type\" content=\"article\" \/>\n<meta property=\"og:title\" content=\"\u00d3scar Arredondo Garc\u00eda - Toda &amp; Nel-lo Abogados\" \/>\n<meta property=\"og:description\" content=\"Magistrado en excedencia. Amplia experiencia en litigaci\u00f3n, especialmente en el \u00e1mbito penal, con conocimiento particular del \u00e1mbito penal\" \/>\n<meta property=\"og:url\" content=\"https:\/\/www.todanelo.com\/es\/equipo-profesional\/oscar-arredondo-garcia\/\" \/>\n<meta property=\"og:site_name\" content=\"Toda &amp; Nel-lo Abogados\" \/>\n<meta property=\"article:modified_time\" content=\"2025-10-06T23:23:59+00:00\" \/>\n<meta property=\"og:image\" content=\"https:\/\/www.todanelo.com\/wp-content\/uploads\/BCF038958-bn.jpg\" \/>\n\t<meta property=\"og:image:width\" content=\"1296\" \/>\n\t<meta property=\"og:image:height\" content=\"972\" \/>\n\t<meta property=\"og:image:type\" content=\"image\/jpeg\" \/>\n<meta name=\"twitter:card\" content=\"summary_large_image\" \/>\n<meta name=\"twitter:label1\" content=\"Tiempo de lectura\" \/>\n\t<meta name=\"twitter:data1\" content=\"1 minuto\" \/>\n<script type=\"application\/ld+json\" class=\"yoast-schema-graph\">{\"@context\":\"https:\\\/\\\/schema.org\",\"@graph\":[{\"@type\":\"WebPage\",\"@id\":\"https:\\\/\\\/www.todanelo.com\\\/es\\\/equipo-profesional\\\/oscar-arredondo-garcia\\\/\",\"url\":\"https:\\\/\\\/www.todanelo.com\\\/es\\\/equipo-profesional\\\/oscar-arredondo-garcia\\\/\",\"name\":\"\u00d3scar Arredondo Garc\u00eda - Toda &amp; Nel-lo Abogados\",\"isPartOf\":{\"@id\":\"https:\\\/\\\/www.todanelo.com\\\/es\\\/#website\"},\"primaryImageOfPage\":{\"@id\":\"https:\\\/\\\/www.todanelo.com\\\/es\\\/equipo-profesional\\\/oscar-arredondo-garcia\\\/#primaryimage\"},\"image\":{\"@id\":\"https:\\\/\\\/www.todanelo.com\\\/es\\\/equipo-profesional\\\/oscar-arredondo-garcia\\\/#primaryimage\"},\"thumbnailUrl\":\"https:\\\/\\\/www.todanelo.com\\\/wp-content\\\/uploads\\\/BCF038958-bn.jpg\",\"datePublished\":\"2025-06-11T07:00:41+00:00\",\"dateModified\":\"2025-10-06T23:23:59+00:00\",\"description\":\"Magistrado en excedencia. Amplia experiencia en litigaci\u00f3n, especialmente en el \u00e1mbito penal, con conocimiento particular del \u00e1mbito penal\",\"breadcrumb\":{\"@id\":\"https:\\\/\\\/www.todanelo.com\\\/es\\\/equipo-profesional\\\/oscar-arredondo-garcia\\\/#breadcrumb\"},\"inLanguage\":\"es\",\"potentialAction\":[{\"@type\":\"ReadAction\",\"target\":[\"https:\\\/\\\/www.todanelo.com\\\/es\\\/equipo-profesional\\\/oscar-arredondo-garcia\\\/\"]}]},{\"@type\":\"ImageObject\",\"inLanguage\":\"es\",\"@id\":\"https:\\\/\\\/www.todanelo.com\\\/es\\\/equipo-profesional\\\/oscar-arredondo-garcia\\\/#primaryimage\",\"url\":\"https:\\\/\\\/www.todanelo.com\\\/wp-content\\\/uploads\\\/BCF038958-bn.jpg\",\"contentUrl\":\"https:\\\/\\\/www.todanelo.com\\\/wp-content\\\/uploads\\\/BCF038958-bn.jpg\",\"width\":1296,\"height\":972},{\"@type\":\"BreadcrumbList\",\"@id\":\"https:\\\/\\\/www.todanelo.com\\\/es\\\/equipo-profesional\\\/oscar-arredondo-garcia\\\/#breadcrumb\",\"itemListElement\":[{\"@type\":\"ListItem\",\"position\":1,\"name\":\"Inicio\",\"item\":\"https:\\\/\\\/www.todanelo.com\\\/es\\\/\"},{\"@type\":\"ListItem\",\"position\":2,\"name\":\"\u00d3scar Arredondo Garc\u00eda\"}]},{\"@type\":\"WebSite\",\"@id\":\"https:\\\/\\\/www.todanelo.com\\\/es\\\/#website\",\"url\":\"https:\\\/\\\/www.todanelo.com\\\/es\\\/\",\"name\":\"Toda &amp; Nel-lo Abogados\",\"description\":\"Despacho Jur\u00eddico Barcelona y Madrid\",\"publisher\":{\"@id\":\"https:\\\/\\\/www.todanelo.com\\\/es\\\/#organization\"},\"potentialAction\":[{\"@type\":\"SearchAction\",\"target\":{\"@type\":\"EntryPoint\",\"urlTemplate\":\"https:\\\/\\\/www.todanelo.com\\\/es\\\/?s={search_term_string}\"},\"query-input\":{\"@type\":\"PropertyValueSpecification\",\"valueRequired\":true,\"valueName\":\"search_term_string\"}}],\"inLanguage\":\"es\"},{\"@type\":\"Organization\",\"@id\":\"https:\\\/\\\/www.todanelo.com\\\/es\\\/#organization\",\"name\":\"Toda &amp; Nel-lo Abogados\",\"url\":\"https:\\\/\\\/www.todanelo.com\\\/es\\\/\",\"logo\":{\"@type\":\"ImageObject\",\"inLanguage\":\"es\",\"@id\":\"https:\\\/\\\/www.todanelo.com\\\/es\\\/#\\\/schema\\\/logo\\\/image\\\/\",\"url\":\"https:\\\/\\\/www.todanelo.com\\\/wp-content\\\/uploads\\\/logo-todanelo.png\",\"contentUrl\":\"https:\\\/\\\/www.todanelo.com\\\/wp-content\\\/uploads\\\/logo-todanelo.png\",\"width\":390,\"height\":161,\"caption\":\"Toda &amp; Nel-lo Abogados\"},\"image\":{\"@id\":\"https:\\\/\\\/www.todanelo.com\\\/es\\\/#\\\/schema\\\/logo\\\/image\\\/\"}}]}<\/script>\n<!-- \/ Yoast SEO plugin. -->","yoast_head_json":{"title":"\u00d3scar Arredondo Garc\u00eda - Toda &amp; Nel-lo Abogados","description":"Magistrado en excedencia. Amplia experiencia en litigaci\u00f3n, especialmente en el \u00e1mbito penal, con conocimiento particular del \u00e1mbito penal","robots":{"index":"index","follow":"follow","max-snippet":"max-snippet:-1","max-image-preview":"max-image-preview:large","max-video-preview":"max-video-preview:-1"},"canonical":"https:\/\/www.todanelo.com\/es\/equipo-profesional\/oscar-arredondo-garcia\/","og_locale":"es_ES","og_type":"article","og_title":"\u00d3scar Arredondo Garc\u00eda - Toda &amp; Nel-lo Abogados","og_description":"Magistrado en excedencia. Amplia experiencia en litigaci\u00f3n, especialmente en el \u00e1mbito penal, con conocimiento particular del \u00e1mbito penal","og_url":"https:\/\/www.todanelo.com\/es\/equipo-profesional\/oscar-arredondo-garcia\/","og_site_name":"Toda &amp; Nel-lo Abogados","article_modified_time":"2025-10-06T23:23:59+00:00","og_image":[{"width":1296,"height":972,"url":"https:\/\/www.todanelo.com\/wp-content\/uploads\/BCF038958-bn.jpg","type":"image\/jpeg"}],"twitter_card":"summary_large_image","twitter_misc":{"Tiempo de lectura":"1 minuto"},"schema":{"@context":"https:\/\/schema.org","@graph":[{"@type":"WebPage","@id":"https:\/\/www.todanelo.com\/es\/equipo-profesional\/oscar-arredondo-garcia\/","url":"https:\/\/www.todanelo.com\/es\/equipo-profesional\/oscar-arredondo-garcia\/","name":"\u00d3scar Arredondo Garc\u00eda - Toda &amp; Nel-lo Abogados","isPartOf":{"@id":"https:\/\/www.todanelo.com\/es\/#website"},"primaryImageOfPage":{"@id":"https:\/\/www.todanelo.com\/es\/equipo-profesional\/oscar-arredondo-garcia\/#primaryimage"},"image":{"@id":"https:\/\/www.todanelo.com\/es\/equipo-profesional\/oscar-arredondo-garcia\/#primaryimage"},"thumbnailUrl":"https:\/\/www.todanelo.com\/wp-content\/uploads\/BCF038958-bn.jpg","datePublished":"2025-06-11T07:00:41+00:00","dateModified":"2025-10-06T23:23:59+00:00","description":"Magistrado en excedencia. Amplia experiencia en litigaci\u00f3n, especialmente en el \u00e1mbito penal, con conocimiento particular del \u00e1mbito penal","breadcrumb":{"@id":"https:\/\/www.todanelo.com\/es\/equipo-profesional\/oscar-arredondo-garcia\/#breadcrumb"},"inLanguage":"es","potentialAction":[{"@type":"ReadAction","target":["https:\/\/www.todanelo.com\/es\/equipo-profesional\/oscar-arredondo-garcia\/"]}]},{"@type":"ImageObject","inLanguage":"es","@id":"https:\/\/www.todanelo.com\/es\/equipo-profesional\/oscar-arredondo-garcia\/#primaryimage","url":"https:\/\/www.todanelo.com\/wp-content\/uploads\/BCF038958-bn.jpg","contentUrl":"https:\/\/www.todanelo.com\/wp-content\/uploads\/BCF038958-bn.jpg","width":1296,"height":972},{"@type":"BreadcrumbList","@id":"https:\/\/www.todanelo.com\/es\/equipo-profesional\/oscar-arredondo-garcia\/#breadcrumb","itemListElement":[{"@type":"ListItem","position":1,"name":"Inicio","item":"https:\/\/www.todanelo.com\/es\/"},{"@type":"ListItem","position":2,"name":"\u00d3scar Arredondo Garc\u00eda"}]},{"@type":"WebSite","@id":"https:\/\/www.todanelo.com\/es\/#website","url":"https:\/\/www.todanelo.com\/es\/","name":"Toda &amp; Nel-lo Abogados","description":"Despacho Jur\u00eddico Barcelona y Madrid","publisher":{"@id":"https:\/\/www.todanelo.com\/es\/#organization"},"potentialAction":[{"@type":"SearchAction","target":{"@type":"EntryPoint","urlTemplate":"https:\/\/www.todanelo.com\/es\/?s={search_term_string}"},"query-input":{"@type":"PropertyValueSpecification","valueRequired":true,"valueName":"search_term_string"}}],"inLanguage":"es"},{"@type":"Organization","@id":"https:\/\/www.todanelo.com\/es\/#organization","name":"Toda &amp; Nel-lo Abogados","url":"https:\/\/www.todanelo.com\/es\/","logo":{"@type":"ImageObject","inLanguage":"es","@id":"https:\/\/www.todanelo.com\/es\/#\/schema\/logo\/image\/","url":"https:\/\/www.todanelo.com\/wp-content\/uploads\/logo-todanelo.png","contentUrl":"https:\/\/www.todanelo.com\/wp-content\/uploads\/logo-todanelo.png","width":390,"height":161,"caption":"Toda &amp; Nel-lo Abogados"},"image":{"@id":"https:\/\/www.todanelo.com\/es\/#\/schema\/logo\/image\/"}}]}},"_links":{"self":[{"href":"https:\/\/www.todanelo.com\/es\/wp-json\/wp\/v2\/team\/3706","targetHints":{"allow":["GET"]}}],"collection":[{"href":"https:\/\/www.todanelo.com\/es\/wp-json\/wp\/v2\/team"}],"about":[{"href":"https:\/\/www.todanelo.com\/es\/wp-json\/wp\/v2\/types\/team"}],"version-history":[{"count":1,"href":"https:\/\/www.todanelo.com\/es\/wp-json\/wp\/v2\/team\/3706\/revisions"}],"predecessor-version":[{"id":4577,"href":"https:\/\/www.todanelo.com\/es\/wp-json\/wp\/v2\/team\/3706\/revisions\/4577"}],"wp:featuredmedia":[{"embeddable":true,"href":"https:\/\/www.todanelo.com\/es\/wp-json\/wp\/v2\/media\/4573"}],"wp:attachment":[{"href":"https:\/\/www.todanelo.com\/es\/wp-json\/wp\/v2\/media?parent=3706"}],"wp:term":[{"taxonomy":"language","embeddable":true,"href":"https:\/\/www.todanelo.com\/es\/wp-json\/wp\/v2\/language?post=3706"},{"taxonomy":"jerarquia","embeddable":true,"href":"https:\/\/www.todanelo.com\/es\/wp-json\/wp\/v2\/jerarquia?post=3706"},{"taxonomy":"expertise","embeddable":true,"href":"https:\/\/www.todanelo.com\/es\/wp-json\/wp\/v2\/expertise?post=3706"},{"taxonomy":"sector","embeddable":true,"href":"https:\/\/www.todanelo.com\/es\/wp-json\/wp\/v2\/sector?post=3706"}],"curies":[{"name":"wp","href":"https:\/\/api.w.org\/{rel}","templated":true}]}}